{"id":895,"date":"2025-05-06T17:47:51","date_gmt":"2025-05-06T15:47:51","guid":{"rendered":"https:\/\/www.commeunvolcan.fr\/?page_id=895"},"modified":"2025-05-06T17:47:51","modified_gmt":"2025-05-06T15:47:51","slug":"895-2","status":"publish","type":"page","link":"https:\/\/www.commeunvolcan.fr\/index.php\/895-2\/","title":{"rendered":"Michele Novak"},"content":{"rendered":"<p>[et_pb_section fb_built=\u00a0\u00bb1&Prime; _builder_version=\u00a0\u00bb4.25.0&Prime; _module_preset=\u00a0\u00bbdefault\u00a0\u00bb background_color=\u00a0\u00bb#FFFFFF\u00a0\u00bb custom_margin=\u00a0\u00bb40px||40px||false|false\u00a0\u00bb custom_padding=\u00a0\u00bb40px||40px||false|false\u00a0\u00bb top_divider_height=\u00a0\u00bb36px\u00a0\u00bb top_divider_repeat=\u00a0\u00bb1x\u00a0\u00bb locked=\u00a0\u00bboff\u00a0\u00bb global_colors_info=\u00a0\u00bb{}\u00a0\u00bb theme_builder_area=\u00a0\u00bbpost_content\u00a0\u00bb][et_pb_row column_structure=\u00a0\u00bb1_2,1_2&Prime; _builder_version=\u00a0\u00bb4.25.0&Prime; _module_preset=\u00a0\u00bbdefault\u00a0\u00bb custom_margin=\u00a0\u00bb0px||0px||false|false\u00a0\u00bb custom_padding=\u00a0\u00bb0px||0px||false|false\u00a0\u00bb global_colors_info=\u00a0\u00bb{}\u00a0\u00bb theme_builder_area=\u00a0\u00bbpost_content\u00a0\u00bb][et_pb_column type=\u00a0\u00bb1_2&Prime; _builder_version=\u00a0\u00bb4.25.0&Prime; _module_preset=\u00a0\u00bbdefault\u00a0\u00bb global_colors_info=\u00a0\u00bb{}\u00a0\u00bb theme_builder_area=\u00a0\u00bbpost_content\u00a0\u00bb][et_pb_heading title=\u00a0\u00bbMich\u00e8le Novak\u00a0\u00bb _builder_version=\u00a0\u00bb4.25.0&Prime; _module_preset=\u00a0\u00bbdefault\u00a0\u00bb title_font=\u00a0\u00bb|||on|||||\u00a0\u00bb title_text_align=\u00a0\u00bbleft\u00a0\u00bb title_text_color=\u00a0\u00bb#ef4f00&Prime; title_font_size=\u00a0\u00bb43px\u00a0\u00bb custom_margin=\u00a0\u00bb0px||0px||false|false\u00a0\u00bb custom_padding=\u00a0\u00bb0px||10px||false|false\u00a0\u00bb global_colors_info=\u00a0\u00bb{}\u00a0\u00bb theme_builder_area=\u00a0\u00bbpost_content\u00a0\u00bb][\/et_pb_heading][et_pb_heading title=\u00a0\u00bbLa flamme des \u00e9maux\u00a0\u00bb _builder_version=\u00a0\u00bb4.25.0&Prime; _module_preset=\u00a0\u00bbdefault\u00a0\u00bb title_level=\u00a0\u00bbh2&Prime; title_text_color=\u00a0\u00bb#8e150c\u00a0\u00bb custom_margin=\u00a0\u00bb||6px|||\u00a0\u00bb hover_enabled=\u00a0\u00bb0&Prime; global_colors_info=\u00a0\u00bb{}\u00a0\u00bb theme_builder_area=\u00a0\u00bbpost_content\u00a0\u00bb sticky_enabled=\u00a0\u00bb0&Prime;][\/et_pb_heading][et_pb_text _builder_version=\u00a0\u00bb4.25.0&Prime; _module_preset=\u00a0\u00bbdefault\u00a0\u00bb text_line_height=\u00a0\u00bb1.9em\u00a0\u00bb custom_padding=\u00a0\u00bb||0px|||\u00a0\u00bb global_colors_info=\u00a0\u00bb{}\u00a0\u00bb theme_builder_area=\u00a0\u00bbpost_content\u00a0\u00bb]<\/p>\n<p class=\"s3\"><span class=\"s2\">Apr\u00e8s un bac de lettres classiques, j\u2019ai eu la chance d\u2019\u00eatre accept\u00e9e \u00e0 l&rsquo;atelier de G\u00e9rald Pott, (situ\u00e9 sur la commune d\u2019Arnay le Duc en Bourgogne), fra\u00eechement issu de la poterie de Taiz\u00e9 o\u00f9 Daniel de Montmollin avait conduit de fructueuses recherches sur les \u00e9maux de hautes temp\u00e9ratures, travaillant principalement avec diff\u00e9rentes cendres v\u00e9g\u00e9tales, argiles et quelques roches broy\u00e9es, transform\u00e9es par la cuisson dans un four \u00e0 bois.<\/span><\/p>\n<p class=\"s3\"><span class=\"s2\">Tr\u00e8s impr\u00e9gn\u00e9e de cet enseignement, je poursuis ce travail \u00e0 ma mesure, pr\u00e9parant des cendres de diverses essences, associ\u00e9es \u00e0 des ocres et argiles qui, compl\u00e9t\u00e9es d\u2019autres min\u00e9raux, donnent des \u00e9maux vitrifi\u00e9s \u00e0 plus de 1300\u00b0C.<\/span><\/p>\n<p class=\"s3\"><span class=\"s2\">Le passage des flammes sur les pi\u00e8ces modifiant la formule par l\u2019ajout al\u00e9atoire de min\u00e9raux en fusion, laisse des traces non d\u00e9nu\u00e9es d\u2019int\u00e9r\u00eat.<\/span><\/p>\n<p class=\"s3\"><span class=\"s2\">Mes pi\u00e8ces en gr\u00e8s de la Ni\u00e8vre ou en porcelaine de Limoges, sont principalement tourn\u00e9es ou model\u00e9es, offrant des formes simples et naturelles, exprimant ma recherche d\u2019une pr\u00e9sence de l\u2019objet, qui se jouerait du temps et des modes.<\/span><\/p>\n<p class=\"s3\"><span>\u00a0<\/span><\/p>\n<p>[\/et_pb_text][\/et_pb_column][et_pb_column type=\u00a0\u00bb1_2&Prime; _builder_version=\u00a0\u00bb4.25.0&Prime; _module_preset=\u00a0\u00bbdefault\u00a0\u00bb global_colors_info=\u00a0\u00bb{}\u00a0\u00bb theme_builder_area=\u00a0\u00bbpost_content\u00a0\u00bb][et_pb_image src=\u00a0\u00bbhttps:\/\/www.commeunvolcan.fr\/wp-content\/uploads\/2025\/05\/volcan-ceramique-poterie-ardeche-stage-boutique-atelier-56.jpg\u00a0\u00bb alt=\u00a0\u00bbMich\u00e8le Novak &#8211; c\u00e9ramiste &#8211; poti\u00e8re &#8211; Saint-Pierreville\u00a0\u00bb title_text=\u00a0\u00bbvolcan-ceramique-poterie-ardeche-stage-boutique-atelier-56&Prime; _builder_version=\u00a0\u00bb4.25.0&Prime; _module_preset=\u00a0\u00bbdefault\u00a0\u00bb hover_enabled=\u00a0\u00bb0&Prime; global_colors_info=\u00a0\u00bb{}\u00a0\u00bb theme_builder_area=\u00a0\u00bbpost_content\u00a0\u00bb sticky_enabled=\u00a0\u00bb0&Prime;][\/et_pb_image][\/et_pb_column][\/et_pb_row][\/et_pb_section][et_pb_section fb_built=\u00a0\u00bb1&Prime; _builder_version=\u00a0\u00bb4.25.0&Prime; _module_preset=\u00a0\u00bbdefault\u00a0\u00bb background_color=\u00a0\u00bb#662700&Prime; custom_margin=\u00a0\u00bb40px||40px||false|false\u00a0\u00bb custom_padding=\u00a0\u00bb40px||40px||false|false\u00a0\u00bb top_divider_height=\u00a0\u00bb36px\u00a0\u00bb top_divider_repeat=\u00a0\u00bb1x\u00a0\u00bb locked=\u00a0\u00bboff\u00a0\u00bb global_colors_info=\u00a0\u00bb{}\u00a0\u00bb theme_builder_area=\u00a0\u00bbpost_content\u00a0\u00bb][et_pb_row _builder_version=\u00a0\u00bb4.25.0&Prime; _module_preset=\u00a0\u00bbdefault\u00a0\u00bb global_colors_info=\u00a0\u00bb{}\u00a0\u00bb theme_builder_area=\u00a0\u00bbpost_content\u00a0\u00bb][et_pb_column type=\u00a0\u00bb4_4&Prime; _builder_version=\u00a0\u00bb4.25.0&Prime; _module_preset=\u00a0\u00bbdefault\u00a0\u00bb global_colors_info=\u00a0\u00bb{}\u00a0\u00bb theme_builder_area=\u00a0\u00bbpost_content\u00a0\u00bb][et_pb_gallery gallery_ids=\u00a0\u00bb899,900,901,902,903,904,905,906&Prime; posts_number=\u00a0\u00bb8&Prime; orientation=\u00a0\u00bbportrait\u00a0\u00bb show_title_and_caption=\u00a0\u00bboff\u00a0\u00bb show_pagination=\u00a0\u00bboff\u00a0\u00bb _builder_version=\u00a0\u00bb4.25.0&Prime; _module_preset=\u00a0\u00bbdefault\u00a0\u00bb width=\u00a0\u00bb100%\u00a0\u00bb max_width=\u00a0\u00bb100%\u00a0\u00bb module_alignment=\u00a0\u00bbcenter\u00a0\u00bb custom_margin=\u00a0\u00bb0px||0px||false|false\u00a0\u00bb custom_padding=\u00a0\u00bb0px||0px||false|false\u00a0\u00bb animation_style=\u00a0\u00bbfade\u00a0\u00bb animation_duration=\u00a0\u00bb1250ms\u00a0\u00bb hover_enabled=\u00a0\u00bb0&Prime; border_width_all_image=\u00a0\u00bb1px\u00a0\u00bb border_color_all_image=\u00a0\u00bb#000000&Prime; box_shadow_style_image=\u00a0\u00bbpreset3&Prime; global_colors_info=\u00a0\u00bb{}\u00a0\u00bb theme_builder_area=\u00a0\u00bbpost_content\u00a0\u00bb sticky_enabled=\u00a0\u00bb0&Prime;][\/et_pb_gallery][\/et_pb_column][\/et_pb_row][\/et_pb_section]<\/p>\n","protected":false},"excerpt":{"rendered":"<p>Apr\u00e8s un bac de lettres classiques, j\u2019ai eu la chance d\u2019\u00eatre accept\u00e9e \u00e0 l&rsquo;atelier de G\u00e9rald Pott, (situ\u00e9 sur la commune d\u2019Arnay le Duc en Bourgogne), fra\u00eechement issu de la poterie de Taiz\u00e9 o\u00f9 Daniel de Montmollin avait conduit de fructueuses recherches sur les \u00e9maux de hautes temp\u00e9ratures, travaillant principalement avec diff\u00e9rentes cendres v\u00e9g\u00e9tales, argiles [&hellip;]<\/p>\n","protected":false},"author":1,"featured_media":0,"parent":0,"menu_order":0,"comment_status":"closed","ping_status":"closed","template":"","meta":{"_et_pb_use_builder":"on","_et_pb_old_content":"","_et_gb_content_width":"","_themeisle_gutenberg_block_has_review":false,"footnotes":""},"class_list":["post-895","page","type-page","status-publish","hentry"],"_links":{"self":[{"href":"https:\/\/www.commeunvolcan.fr\/index.php\/wp-json\/wp\/v2\/pages\/895","targetHints":{"allow":["GET"]}}],"collection":[{"href":"https:\/\/www.commeunvolcan.fr\/index.php\/wp-json\/wp\/v2\/pages"}],"about":[{"href":"https:\/\/www.commeunvolcan.fr\/index.php\/wp-json\/wp\/v2\/types\/page"}],"author":[{"embeddable":true,"href":"https:\/\/www.commeunvolcan.fr\/index.php\/wp-json\/wp\/v2\/users\/1"}],"replies":[{"embeddable":true,"href":"https:\/\/www.commeunvolcan.fr\/index.php\/wp-json\/wp\/v2\/comments?post=895"}],"version-history":[{"count":3,"href":"https:\/\/www.commeunvolcan.fr\/index.php\/wp-json\/wp\/v2\/pages\/895\/revisions"}],"predecessor-version":[{"id":908,"href":"https:\/\/www.commeunvolcan.fr\/index.php\/wp-json\/wp\/v2\/pages\/895\/revisions\/908"}],"wp:attachment":[{"href":"https:\/\/www.commeunvolcan.fr\/index.php\/wp-json\/wp\/v2\/media?parent=895"}],"curies":[{"name":"wp","href":"https:\/\/api.w.org\/{rel}","templated":true}]}}