{"id":2,"date":"2024-04-02T18:16:26","date_gmt":"2024-04-02T16:16:26","guid":{"rendered":"http:\/\/www.commeunvolcan.fr\/?page_id=2"},"modified":"2026-01-10T11:03:03","modified_gmt":"2026-01-10T10:03:03","slug":"page-d-exemple","status":"publish","type":"page","link":"https:\/\/www.commeunvolcan.fr\/","title":{"rendered":"Comme un Volcan"},"content":{"rendered":"<p>[et_pb_section fb_built=\u00a0\u00bb1&Prime; _builder_version=\u00a0\u00bb4.25.0&Prime; _module_preset=\u00a0\u00bbdefault\u00a0\u00bb background_color=\u00a0\u00bb#c25423&Prime; background_image=\u00a0\u00bbhttps:\/\/www.commeunvolcan.fr\/wp-content\/uploads\/2024\/04\/portraits.jpg\u00a0\u00bb background_blend=\u00a0\u00bbscreen\u00a0\u00bb custom_margin=\u00a0\u00bb0px|0px|50px|0px|false|false\u00a0\u00bb custom_padding=\u00a0\u00bb120px|0px|120px|0px|false|false\u00a0\u00bb top_divider_height=\u00a0\u00bb36px\u00a0\u00bb top_divider_repeat=\u00a0\u00bb1x\u00a0\u00bb top_divider_flip=\u00a0\u00bbvertical\u00a0\u00bb global_colors_info=\u00a0\u00bb{}\u00a0\u00bb][et_pb_row _builder_version=\u00a0\u00bb4.25.0&Prime; _module_preset=\u00a0\u00bbdefault\u00a0\u00bb background_color=\u00a0\u00bbrgba(255,255,255,0.45)\u00a0\u00bb module_alignment=\u00a0\u00bbcenter\u00a0\u00bb custom_margin=\u00a0\u00bb0px|0px|0px|0px|false|false\u00a0\u00bb custom_padding=\u00a0\u00bb30px|30px|30px|30px|false|false\u00a0\u00bb global_colors_info=\u00a0\u00bb{}\u00a0\u00bb][et_pb_column type=\u00a0\u00bb4_4&Prime; _builder_version=\u00a0\u00bb4.25.0&Prime; _module_preset=\u00a0\u00bbdefault\u00a0\u00bb global_colors_info=\u00a0\u00bb{}\u00a0\u00bb][et_pb_heading title=\u00a0\u00bbEspace de cr\u00e9ation c\u00e9ramique\u00a0\u00bb _builder_version=\u00a0\u00bb4.25.0&Prime; _module_preset=\u00a0\u00bbdefault\u00a0\u00bb title_font=\u00a0\u00bb|||on|||||\u00a0\u00bb title_text_color=\u00a0\u00bb#662700&Prime; title_font_size=\u00a0\u00bb43px\u00a0\u00bb custom_margin=\u00a0\u00bb0px||0px||false|false\u00a0\u00bb custom_padding=\u00a0\u00bb0px||10px||false|false\u00a0\u00bb global_colors_info=\u00a0\u00bb{}\u00a0\u00bb][\/et_pb_heading][et_pb_heading title=\u00a0\u00bbAtelier &#8211; Boutique &#8211; Cours et Stage\u00a0\u00bb _builder_version=\u00a0\u00bb4.25.0&Prime; _module_preset=\u00a0\u00bbdefault\u00a0\u00bb title_level=\u00a0\u00bbh2&Prime; title_font=\u00a0\u00bb||on||||||\u00a0\u00bb title_text_color=\u00a0\u00bb#ef4f00&Prime; title_font_size=\u00a0\u00bb26px\u00a0\u00bb custom_margin=\u00a0\u00bb0px||0px||false|false\u00a0\u00bb custom_padding=\u00a0\u00bb0px||0px||false|false\u00a0\u00bb global_colors_info=\u00a0\u00bb{}\u00a0\u00bb][\/et_pb_heading][et_pb_text _builder_version=\u00a0\u00bb4.25.0&Prime; _module_preset=\u00a0\u00bbdefault\u00a0\u00bb text_font=\u00a0\u00bb||||||||\u00a0\u00bb text_text_color=\u00a0\u00bb#000000&Prime; text_font_size=\u00a0\u00bb19px\u00a0\u00bb custom_margin=\u00a0\u00bb20px||||false|false\u00a0\u00bb custom_padding=\u00a0\u00bb0px|0px|0px|0px|false|false\u00a0\u00bb global_colors_info=\u00a0\u00bb{}\u00a0\u00bb]<\/p>\n<p>\u00c0 Saint-Pierreville dans les Monts d&rsquo;Ard\u00e8che, nous avons mis en commun notre passion pour le travail de l&rsquo;argile au sein d&rsquo;un lieu partag\u00e9 sur la place du village.<\/p>\n<p>Ma\u00efa Ballot &#8211; Val\u00e9rie Calvat &#8211; Mich\u00e8le Novak<\/p>\n<p>[\/et_pb_text][et_pb_button button_url=\u00a0\u00bb@ET-DC@eyJkeW5hbWljIjp0cnVlLCJjb250ZW50IjoicG9zdF9saW5rX3VybF9wYWdlIiwic2V0dGluZ3MiOnsicG9zdF9pZCI6IjcifX0=@\u00a0\u00bb button_text=\u00a0\u00bbVenez nous rencontrer !\u00a0\u00bb _builder_version=\u00a0\u00bb4.25.0&Prime; _dynamic_attributes=\u00a0\u00bbbutton_url\u00a0\u00bb _module_preset=\u00a0\u00bbdefault\u00a0\u00bb custom_button=\u00a0\u00bbon\u00a0\u00bb button_text_color=\u00a0\u00bb#ffffff\u00a0\u00bb button_bg_color=\u00a0\u00bbrgba(102,39,0,0.69)\u00a0\u00bb button_border_color=\u00a0\u00bb#ffffff\u00a0\u00bb button_use_icon=\u00a0\u00bboff\u00a0\u00bb global_colors_info=\u00a0\u00bb{}\u00a0\u00bb][\/et_pb_button][\/et_pb_column][\/et_pb_row][\/et_pb_section][et_pb_section fb_built=\u00a0\u00bb1&Prime; _builder_version=\u00a0\u00bb4.25.0&Prime; _module_preset=\u00a0\u00bbdefault\u00a0\u00bb background_color=\u00a0\u00bb#662700&Prime; background_image=\u00a0\u00bbhttps:\/\/www.commeunvolcan.fr\/wp-content\/uploads\/2024\/04\/cours-argile-terre-ceramique-1.jpg\u00a0\u00bb background_blend=\u00a0\u00bboverlay\u00a0\u00bb custom_margin=\u00a0\u00bb0px|0px|50px|0px|false|false\u00a0\u00bb custom_padding=\u00a0\u00bb120px|0px|120px|0px|false|false\u00a0\u00bb top_divider_height=\u00a0\u00bb36px\u00a0\u00bb top_divider_repeat=\u00a0\u00bb1x\u00a0\u00bb top_divider_flip=\u00a0\u00bbvertical\u00a0\u00bb global_colors_info=\u00a0\u00bb{}\u00a0\u00bb][et_pb_row column_structure=\u00a0\u00bb2_5,3_5&Prime; _builder_version=\u00a0\u00bb4.25.0&Prime; _module_preset=\u00a0\u00bbdefault\u00a0\u00bb background_color=\u00a0\u00bbrgba(102,39,0,0.48)\u00a0\u00bb module_alignment=\u00a0\u00bbcenter\u00a0\u00bb custom_margin=\u00a0\u00bb0px|0px|0px|0px|false|false\u00a0\u00bb custom_padding=\u00a0\u00bb30px|30px|30px|30px|false|false\u00a0\u00bb global_colors_info=\u00a0\u00bb{}\u00a0\u00bb][et_pb_column type=\u00a0\u00bb2_5&Prime; _builder_version=\u00a0\u00bb4.25.0&Prime; _module_preset=\u00a0\u00bbdefault\u00a0\u00bb global_colors_info=\u00a0\u00bb{}\u00a0\u00bb][et_pb_heading title=\u00a0\u00bbCours et stages\u00a0\u00bb _builder_version=\u00a0\u00bb4.25.0&Prime; _module_preset=\u00a0\u00bbdefault\u00a0\u00bb title_font=\u00a0\u00bb|||on|||||\u00a0\u00bb title_text_color=\u00a0\u00bb#e0ac3c\u00a0\u00bb title_font_size=\u00a0\u00bb43px\u00a0\u00bb custom_margin=\u00a0\u00bb0px||0px||false|false\u00a0\u00bb custom_padding=\u00a0\u00bb0px||10px||false|false\u00a0\u00bb global_colors_info=\u00a0\u00bb{}\u00a0\u00bb][\/et_pb_heading][et_pb_heading title=\u00a0\u00bbDe l&rsquo;argile \u00e0 la c\u00e9ramique\u00a0\u00bb _builder_version=\u00a0\u00bb4.25.0&Prime; _module_preset=\u00a0\u00bbdefault\u00a0\u00bb title_level=\u00a0\u00bbh2&Prime; title_font=\u00a0\u00bb||on||||||\u00a0\u00bb title_text_color=\u00a0\u00bb#e0c9ac\u00a0\u00bb title_font_size=\u00a0\u00bb26px\u00a0\u00bb custom_margin=\u00a0\u00bb0px||0px||false|false\u00a0\u00bb custom_padding=\u00a0\u00bb0px||0px||false|false\u00a0\u00bb global_colors_info=\u00a0\u00bb{}\u00a0\u00bb][\/et_pb_heading][\/et_pb_column][et_pb_column type=\u00a0\u00bb3_5&Prime; _builder_version=\u00a0\u00bb4.25.0&Prime; _module_preset=\u00a0\u00bbdefault\u00a0\u00bb global_colors_info=\u00a0\u00bb{}\u00a0\u00bb][et_pb_text _builder_version=\u00a0\u00bb4.25.0&Prime; _module_preset=\u00a0\u00bbdefault\u00a0\u00bb text_text_color=\u00a0\u00bb#e0d2ba\u00a0\u00bb text_font_size=\u00a0\u00bb19px\u00a0\u00bb global_colors_info=\u00a0\u00bb{}\u00a0\u00bb]<\/p>\n<p><span style=\"font-family: Avenir;\">Le collectif <em>Comme un Volcan<\/em> vous propose de mettre les mains dans la terre et d\u00e9velopper votre cr\u00e9ativit\u00e9. Chacune de nous anime des ateliers compl\u00e9mentaires et vari\u00e9s pour adultes ou enfants, sous forme de rendez-vous hebdomadaire ou de stages ponctuels : tournage, modelage, sculpture &#8230;<\/span><\/p>\n<p>[\/et_pb_text][et_pb_button button_url=\u00a0\u00bb@ET-DC@eyJkeW5hbWljIjp0cnVlLCJjb250ZW50IjoicG9zdF9saW5rX3VybF9wYWdlIiwic2V0dGluZ3MiOnsicG9zdF9pZCI6IjY0OSJ9fQ==@\u00a0\u00bb button_text=\u00a0\u00bbConsultez le programme\u00a0\u00bb _builder_version=\u00a0\u00bb4.25.0&Prime; _dynamic_attributes=\u00a0\u00bbbutton_url\u00a0\u00bb _module_preset=\u00a0\u00bbdefault\u00a0\u00bb custom_button=\u00a0\u00bbon\u00a0\u00bb button_text_color=\u00a0\u00bb#e0c9ac\u00a0\u00bb button_bg_color=\u00a0\u00bbrgba(224,201,172,0.1)\u00a0\u00bb button_use_icon=\u00a0\u00bboff\u00a0\u00bb global_colors_info=\u00a0\u00bb{}\u00a0\u00bb][\/et_pb_button][\/et_pb_column][\/et_pb_row][\/et_pb_section][et_pb_section fb_built=\u00a0\u00bb1&Prime; _builder_version=\u00a0\u00bb4.25.0&Prime; _module_preset=\u00a0\u00bbdefault\u00a0\u00bb background_color=\u00a0\u00bb#c25423&Prime; background_image=\u00a0\u00bbhttps:\/\/www.commeunvolcan.fr\/wp-content\/uploads\/2025\/02\/atelier-poterie-saint-pierreville-large.jpg\u00a0\u00bb background_blend=\u00a0\u00bbscreen\u00a0\u00bb module_alignment=\u00a0\u00bbcenter\u00a0\u00bb custom_margin=\u00a0\u00bb0px||50px||false|false\u00a0\u00bb custom_padding=\u00a0\u00bb120px||120px||false|false\u00a0\u00bb top_divider_height=\u00a0\u00bb36px\u00a0\u00bb top_divider_repeat=\u00a0\u00bb1x\u00a0\u00bb top_divider_flip=\u00a0\u00bbvertical\u00a0\u00bb bottom_divider_height=\u00a0\u00bb45px\u00a0\u00bb bottom_divider_repeat=\u00a0\u00bb1x\u00a0\u00bb global_colors_info=\u00a0\u00bb{}\u00a0\u00bb][et_pb_row column_structure=\u00a0\u00bb2_5,3_5&Prime; _builder_version=\u00a0\u00bb4.25.0&Prime; _module_preset=\u00a0\u00bbdefault\u00a0\u00bb background_color=\u00a0\u00bbrgba(255,255,255,0.48)\u00a0\u00bb module_alignment=\u00a0\u00bbcenter\u00a0\u00bb custom_margin=\u00a0\u00bb0px|0px|0px|0px|false|false\u00a0\u00bb custom_padding=\u00a0\u00bb30px|30px|30px|30px|false|false\u00a0\u00bb global_colors_info=\u00a0\u00bb{}\u00a0\u00bb][et_pb_column type=\u00a0\u00bb2_5&Prime; _builder_version=\u00a0\u00bb4.25.0&Prime; _module_preset=\u00a0\u00bbdefault\u00a0\u00bb global_colors_info=\u00a0\u00bb{}\u00a0\u00bb][et_pb_heading title=\u00a0\u00bbL&rsquo;ATELIER\u00a0\u00bb _builder_version=\u00a0\u00bb4.25.0&Prime; _module_preset=\u00a0\u00bbdefault\u00a0\u00bb title_font=\u00a0\u00bb|||on|||||\u00a0\u00bb title_text_color=\u00a0\u00bb#662700&Prime; title_font_size=\u00a0\u00bb43px\u00a0\u00bb custom_margin=\u00a0\u00bb0px||0px||false|false\u00a0\u00bb custom_padding=\u00a0\u00bb0px||10px||false|false\u00a0\u00bb global_colors_info=\u00a0\u00bb{}\u00a0\u00bb][\/et_pb_heading][et_pb_heading title=\u00a0\u00bbUn espace partag\u00e9\u00a0\u00bb _builder_version=\u00a0\u00bb4.25.0&Prime; _module_preset=\u00a0\u00bbdefault\u00a0\u00bb title_level=\u00a0\u00bbh2&Prime; title_font=\u00a0\u00bb||on||||||\u00a0\u00bb title_text_color=\u00a0\u00bb#000000&Prime; title_font_size=\u00a0\u00bb26px\u00a0\u00bb custom_margin=\u00a0\u00bb0px||0px||false|false\u00a0\u00bb custom_padding=\u00a0\u00bb0px||0px||false|false\u00a0\u00bb global_colors_info=\u00a0\u00bb{}\u00a0\u00bb][\/et_pb_heading][\/et_pb_column][et_pb_column type=\u00a0\u00bb3_5&Prime; _builder_version=\u00a0\u00bb4.25.0&Prime; _module_preset=\u00a0\u00bbdefault\u00a0\u00bb global_colors_info=\u00a0\u00bb{}\u00a0\u00bb][et_pb_text _builder_version=\u00a0\u00bb4.25.0&Prime; _module_preset=\u00a0\u00bbdefault\u00a0\u00bb global_colors_info=\u00a0\u00bb{}\u00a0\u00bb]<\/p>\n<p><span style=\"font-weight: 400;\">Travailler ensemble dans l\u2019entraide et la mutualisation favorise une dynamique cr\u00e9ative nourrie de l\u2019exp\u00e9rience singuli\u00e8re de chacune.<\/span><\/p>\n<p>[\/et_pb_text][et_pb_button button_url=\u00a0\u00bb@ET-DC@eyJkeW5hbWljIjp0cnVlLCJjb250ZW50IjoicG9zdF9saW5rX3VybF9wYWdlIiwic2V0dGluZ3MiOnsicG9zdF9pZCI6IjY0MCJ9fQ==@\u00a0\u00bb button_text=\u00a0\u00bbEntrez dans les coulisses !\u00a0\u00bb _builder_version=\u00a0\u00bb4.25.0&Prime; _dynamic_attributes=\u00a0\u00bbbutton_url\u00a0\u00bb _module_preset=\u00a0\u00bbdefault\u00a0\u00bb custom_button=\u00a0\u00bbon\u00a0\u00bb button_text_color=\u00a0\u00bb#ffffff\u00a0\u00bb button_bg_color=\u00a0\u00bbrgba(102,39,0,0.69)\u00a0\u00bb button_border_color=\u00a0\u00bb#ffffff\u00a0\u00bb button_use_icon=\u00a0\u00bboff\u00a0\u00bb global_colors_info=\u00a0\u00bb{}\u00a0\u00bb][\/et_pb_button][\/et_pb_column][\/et_pb_row][\/et_pb_section][et_pb_section fb_built=\u00a0\u00bb1&Prime; _builder_version=\u00a0\u00bb4.25.0&Prime; _module_preset=\u00a0\u00bbdefault\u00a0\u00bb background_color=\u00a0\u00bb#662700&Prime; background_image=\u00a0\u00bbhttps:\/\/www.commeunvolcan.fr\/wp-content\/uploads\/2025\/02\/boutique-poterie-saint-pierreville-large.jpg\u00a0\u00bb background_blend=\u00a0\u00bboverlay\u00a0\u00bb module_alignment=\u00a0\u00bbcenter\u00a0\u00bb custom_margin=\u00a0\u00bb0px|0px|50px|0px|false|false\u00a0\u00bb custom_padding=\u00a0\u00bb120px|0px|120px|0px|false|false\u00a0\u00bb top_divider_height=\u00a0\u00bb36px\u00a0\u00bb top_divider_repeat=\u00a0\u00bb1x\u00a0\u00bb bottom_divider_height=\u00a0\u00bb54px\u00a0\u00bb global_colors_info=\u00a0\u00bb{}\u00a0\u00bb][et_pb_row column_structure=\u00a0\u00bb2_5,3_5&Prime; _builder_version=\u00a0\u00bb4.25.0&Prime; _module_preset=\u00a0\u00bbdefault\u00a0\u00bb background_color=\u00a0\u00bbrgba(0,0,0,0.38)\u00a0\u00bb module_alignment=\u00a0\u00bbcenter\u00a0\u00bb custom_margin=\u00a0\u00bb0px|1px|0px|0px|false|false\u00a0\u00bb custom_padding=\u00a0\u00bb30px|30px|30px|30px|false|false\u00a0\u00bb global_colors_info=\u00a0\u00bb{}\u00a0\u00bb][et_pb_column type=\u00a0\u00bb2_5&Prime; _builder_version=\u00a0\u00bb4.25.0&Prime; _module_preset=\u00a0\u00bbdefault\u00a0\u00bb global_colors_info=\u00a0\u00bb{}\u00a0\u00bb][et_pb_heading title=\u00a0\u00bbLa Boutique\u00a0\u00bb _builder_version=\u00a0\u00bb4.25.0&Prime; _module_preset=\u00a0\u00bbdefault\u00a0\u00bb title_font=\u00a0\u00bb|||on|||||\u00a0\u00bb title_text_align=\u00a0\u00bbleft\u00a0\u00bb title_text_color=\u00a0\u00bb#ef4f00&Prime; title_font_size=\u00a0\u00bb43px\u00a0\u00bb custom_margin=\u00a0\u00bb0px||0px||false|false\u00a0\u00bb custom_padding=\u00a0\u00bb0px||10px||false|false\u00a0\u00bb global_colors_info=\u00a0\u00bb{}\u00a0\u00bb][\/et_pb_heading][et_pb_heading title=\u00a0\u00bbDes tr\u00e9sors \u00e0 d\u00e9couvrir\u00a0\u00bb _builder_version=\u00a0\u00bb4.25.0&Prime; _module_preset=\u00a0\u00bbdefault\u00a0\u00bb title_level=\u00a0\u00bbh2&Prime; title_font=\u00a0\u00bb||on||||||\u00a0\u00bb title_text_color=\u00a0\u00bb#e0c9ac\u00a0\u00bb title_font_size=\u00a0\u00bb26px\u00a0\u00bb custom_margin=\u00a0\u00bb0px||0px||false|false\u00a0\u00bb custom_padding=\u00a0\u00bb0px||0px||false|false\u00a0\u00bb global_colors_info=\u00a0\u00bb{}\u00a0\u00bb][\/et_pb_heading][\/et_pb_column][et_pb_column type=\u00a0\u00bb3_5&Prime; _builder_version=\u00a0\u00bb4.25.0&Prime; _module_preset=\u00a0\u00bbdefault\u00a0\u00bb global_colors_info=\u00a0\u00bb{}\u00a0\u00bb][et_pb_heading title=\u00a0\u00bbOuverture de la boutique\u00a0\u00bb _builder_version=\u00a0\u00bb4.25.0&Prime; _module_preset=\u00a0\u00bbdefault\u00a0\u00bb title_text_color=\u00a0\u00bb#e0c9ac\u00a0\u00bb custom_margin=\u00a0\u00bb||6px|||\u00a0\u00bb global_colors_info=\u00a0\u00bb{}\u00a0\u00bb][\/et_pb_heading][et_pb_text _builder_version=\u00a0\u00bb4.25.0&Prime; _module_preset=\u00a0\u00bbdefault\u00a0\u00bb text_text_color=\u00a0\u00bb#e0c9ac\u00a0\u00bb text_line_height=\u00a0\u00bb1.9em\u00a0\u00bb hover_enabled=\u00a0\u00bb0&Prime; global_colors_info=\u00a0\u00bb{}\u00a0\u00bb sticky_enabled=\u00a0\u00bb0&Prime;]<\/p>\n<p><strong><span style=\"font-size: x-large;\">Du 1er janvier au 28 mars<\/span><br \/><\/strong><strong>Dimanche<\/strong> de 10h \u00e0 12h30.<br \/>Autres jours sur rendez-vous.<\/p>\n<p><strong><span style=\"font-size: x-large;\">Du 1er avril au 31 d\u00e9cembre<\/span><br \/><\/strong><strong>Vendredi et samedi<\/strong> \u00a0de 10h \u00e0 12h30 et de 17h \u00e0 19h.<br \/><strong>Dimanche<\/strong> de 10h \u00e0 12h30.<br \/>Autres jours sur rendez-vous.<\/p>\n<p>[\/et_pb_text][et_pb_button button_url=\u00a0\u00bb@ET-DC@eyJkeW5hbWljIjp0cnVlLCJjb250ZW50IjoicG9zdF9saW5rX3VybF9wYWdlIiwic2V0dGluZ3MiOnsicG9zdF9pZCI6IjY0NSJ9fQ==@\u00a0\u00bb button_text=\u00a0\u00bbPoussez la porte\u00a0\u00bb _builder_version=\u00a0\u00bb4.25.0&Prime; _dynamic_attributes=\u00a0\u00bbbutton_url\u00a0\u00bb _module_preset=\u00a0\u00bbdefault\u00a0\u00bb custom_button=\u00a0\u00bbon\u00a0\u00bb button_text_color=\u00a0\u00bb#e0c9ac\u00a0\u00bb button_bg_color=\u00a0\u00bbrgba(224,201,172,0.1)\u00a0\u00bb button_use_icon=\u00a0\u00bboff\u00a0\u00bb global_colors_info=\u00a0\u00bb{}\u00a0\u00bb][\/et_pb_button][\/et_pb_column][\/et_pb_row][\/et_pb_section]<\/p>\n","protected":false},"excerpt":{"rendered":"<p>\u00c0 Saint-Pierreville dans les Monts d&rsquo;Ard\u00e8che, nous avons mis en commun notre passion pour le travail de l&rsquo;argile au sein d&rsquo;un lieu partag\u00e9 sur la place du village. Ma\u00efa Ballot &#8211; Val\u00e9rie Calvat &#8211; Mich\u00e8le NovakLe collectif Comme un Volcan vous propose de mettre les mains dans la terre et d\u00e9velopper votre cr\u00e9ativit\u00e9. Chacune de [&hellip;]<\/p>\n","protected":false},"author":1,"featured_media":373,"parent":0,"menu_order":0,"comment_status":"closed","ping_status":"open","template":"","meta":{"_et_pb_use_builder":"on","_et_pb_old_content":"<!-- wp:paragraph -->\n<p>Ceci est une page d\u2019exemple. C\u2019est diff\u00e9rent d\u2019un article de blog parce qu\u2019elle restera au m\u00eame endroit et appara\u00eetra dans la navigation de votre site (dans la plupart des th\u00e8mes). La plupart des gens commencent par une page \u00ab&nbsp;\u00c0 propos&nbsp;\u00bb qui les pr\u00e9sente aux personnes visitant le site. Cela pourrait ressembler \u00e0 quelque chose comme cela&nbsp;:<\/p>\n<!-- \/wp:paragraph -->\n\n<!-- wp:columns -->\n<div class=\"wp-block-columns\"><!-- wp:column -->\n<div class=\"wp-block-column\"><!-- wp:image {\"id\":35,\"sizeSlug\":\"large\",\"linkDestination\":\"none\"} -->\n<figure class=\"wp-block-image size-large\"><img src=\"http:\/\/www.commeunvolcan.fr\/wp-content\/uploads\/2024\/04\/PW78834-1024x641.jpg\" alt=\"\" class=\"wp-image-35\"\/><\/figure>\n<!-- \/wp:image --><\/div>\n<!-- \/wp:column -->\n\n<!-- wp:column -->\n<div class=\"wp-block-column\"><\/div>\n<!-- \/wp:column --><\/div>\n<!-- \/wp:columns -->\n\n<!-- wp:post-title {\"level\":3} \/-->\n\n<!-- wp:paragraph -->\n<p>\u2026ou quelque chose comme cela&nbsp;:<\/p>\n<!-- \/wp:paragraph -->\n\n<!-- wp:paragraph -->\n<p>En tant que nouvel utilisateur ou utilisatrice de WordPress, vous devriez vous rendre sur <a href=\"http:\/\/www.commeunvolcan.fr\/wp-admin\/\">votre tableau de bord<\/a> pour supprimer cette page et cr\u00e9er de nouvelles pages pour votre contenu. Amusez-vous bien&nbsp;!<\/p>\n<!-- \/wp:paragraph -->","_et_gb_content_width":"","_themeisle_gutenberg_block_has_review":false,"footnotes":""},"class_list":["post-2","page","type-page","status-publish","has-post-thumbnail","hentry"],"_links":{"self":[{"href":"https:\/\/www.commeunvolcan.fr\/index.php\/wp-json\/wp\/v2\/pages\/2","targetHints":{"allow":["GET"]}}],"collection":[{"href":"https:\/\/www.commeunvolcan.fr\/index.php\/wp-json\/wp\/v2\/pages"}],"about":[{"href":"https:\/\/www.commeunvolcan.fr\/index.php\/wp-json\/wp\/v2\/types\/page"}],"author":[{"embeddable":true,"href":"https:\/\/www.commeunvolcan.fr\/index.php\/wp-json\/wp\/v2\/users\/1"}],"replies":[{"embeddable":true,"href":"https:\/\/www.commeunvolcan.fr\/index.php\/wp-json\/wp\/v2\/comments?post=2"}],"version-history":[{"count":65,"href":"https:\/\/www.commeunvolcan.fr\/index.php\/wp-json\/wp\/v2\/pages\/2\/revisions"}],"predecessor-version":[{"id":1041,"href":"https:\/\/www.commeunvolcan.fr\/index.php\/wp-json\/wp\/v2\/pages\/2\/revisions\/1041"}],"wp:featuredmedia":[{"embeddable":true,"href":"https:\/\/www.commeunvolcan.fr\/index.php\/wp-json\/wp\/v2\/media\/373"}],"wp:attachment":[{"href":"https:\/\/www.commeunvolcan.fr\/index.php\/wp-json\/wp\/v2\/media?parent=2"}],"curies":[{"name":"wp","href":"https:\/\/api.w.org\/{rel}","templated":true}]}}